{"id":845,"date":"2023-09-04T15:49:59","date_gmt":"2023-09-04T13:49:59","guid":{"rendered":"https:\/\/cinemaqueer.se\/cq23\/?post_type=portfolio_page&#038;p=845"},"modified":"2023-09-30T17:02:13","modified_gmt":"2023-09-30T15:02:13","slug":"miguels-war","status":"publish","type":"portfolio_page","link":"https:\/\/cinemaqueer.se\/cq23\/portfolio_page\/miguels-war\/","title":{"rendered":"Miguel&#8217;s War"},"content":{"rendered":"<div class=\"wpb-content-wrapper\"><p>[vc_row css_animation=&#8221;&#8221; row_type=&#8221;row&#8221; use_row_as_full_screen_section=&#8221;no&#8221; type=&#8221;full_width&#8221; angled_section=&#8221;no&#8221; text_align=&#8221;left&#8221; background_image_as_pattern=&#8221;without_pattern&#8221;][vc_column width=&#8221;1\/2&#8243;][vc_column_text]<\/p>\n<h2><span style=\"font-weight: 400;\">Miguel\u2019s War<br \/>\n<\/span><\/h2>\n<p><strong>Eliane Raheb \/ Libanon, Tyskland \/ 2021 \/ 128 min \/ engelska undertexter<\/strong><\/p>\n<p>Visningen \u00e4r en del av Cinema Queers samarbete med konstn\u00e4ren och curatorn Mohamad Sabbah. Kortfilmspaketet Rebellious body f\u00f6ljs av ett samtal med Mohamad Sabbah, curatorn och allkonstn\u00e4ren George Chamoun och Marwan Kaabour multidiciplin\u00e4r grafisk formgivare och konstn\u00e4r. Marwan har bland annat startat den digitala plattformen Takweer som utforskar arabisk historia och popul\u00e4rkultur. Samtalet kommer fokusera p\u00e5 arkiv som en politisk kraft.<\/p>\n<p><strong><b>Onsdag 4 oktober kl 20.30, Gasverket, Torsgatan 22<br \/>\n<\/b><\/strong><\/p>\n<p><span style=\"font-weight: 400;\">Miguel v\u00e4xer upp under inb\u00f6rdeskrigets Libanon med sin konservativa katolska pappa och auktorit\u00e4ra syriska mamma. Hans homosexualitet ger honom mindrev\u00e4rdeskomplex och han g\u00e5r med i arm\u00e9n f\u00f6r att bevisa att han \u00e4r en riktig man. Men det blir inte som han har t\u00e4nkt sig och djupt traumatiserad hamnar han till slut i Spanien d\u00e4r han, 37 \u00e5r efter att ha l\u00e4mnat Libanon, f\u00f6rs\u00f6ker f\u00e5 ordning p\u00e5 sitt liv.<\/span><\/p>\n<p><span style=\"font-weight: 400;\">Genom en blandning av dokument\u00e4r, animation, teater och arkiv s\u00e5 ber\u00e4ttar <\/span><i><span style=\"font-weight: 400;\">Miguel\u2019s War<\/span><\/i><span style=\"font-weight: 400;\"> en ber\u00e4ttelse om att konfrontera sig sj\u00e4lv, obesvarad k\u00e4rlek och katarsis.<\/span>[\/vc_column_text][vc_empty_space][vc_row_inner row_type=&#8221;row&#8221; type=&#8221;full_width&#8221; text_align=&#8221;left&#8221; css_animation=&#8221;&#8221;][vc_column_inner width=&#8221;1\/2&#8243;]<a  itemprop=\"url\" href=\"https:\/\/kulturbiljetter.se\/varukorg\/6525\/30440\/miguel%E2%80%99s-war\/\" target=\"_blank\"  class=\"qbutton  big_large_full_width default\" style=\"\">K\u00d6P BILJETT<\/a>[\/vc_column_inner][vc_column_inner width=&#8221;1\/2&#8243;]<a  itemprop=\"url\" href=\"https:\/\/kulturbiljetter.se\/varukorg\/6560\/cinema-queer-festivalpass-2-8-okt-2023\/\" target=\"_blank\"  class=\"qbutton  big_large_full_width default\" style=\"\">K\u00d6P FESTIVALPASS<\/a>[\/vc_column_inner][\/vc_row_inner][vc_empty_space height=&#8221;12px&#8221;][\/vc_column][vc_column width=&#8221;1\/2&#8243;][vc_single_image image=&#8221;851&#8243; img_size=&#8221;full&#8221; qode_css_animation=&#8221;&#8221;][vc_empty_space height=&#8221;12px&#8221;][vc_single_image image=&#8221;850&#8243; img_size=&#8221;full&#8221; qode_css_animation=&#8221;&#8221;][vc_empty_space height=&#8221;12px&#8221;][vc_single_image image=&#8221;849&#8243; img_size=&#8221;full&#8221; qode_css_animation=&#8221;&#8221;][vc_empty_space height=&#8221;12px&#8221;][vc_video link=&#8221;https:\/\/www.youtube.com\/watch?v=2aLgSJBF9l8&#8243;][vc_empty_space height=&#8221;12px&#8221;][\/vc_column][\/vc_row]<\/p>\n<\/div>","protected":false},"excerpt":{"rendered":"<p>[vc_row css_animation=&#8221;&#8221; row_type=&#8221;row&#8221; use_row_as_full_screen_section=&#8221;no&#8221; type=&#8221;full_width&#8221; angled_section=&#8221;no&#8221; text_align=&#8221;left&#8221; background_image_as_pattern=&#8221;without_pattern&#8221;][vc_column width=&#8221;1\/2&#8243;][vc_column_text] Miguel\u2019s War Eliane Raheb \/ Libanon, Tyskland \/ 2021 \/ 128 min \/ engelska undertexter Visningen \u00e4r en del av Cinema Queers samarbete med konstn\u00e4ren och curatorn Mohamad Sabbah. Kortfilmspaketet Rebellious body f\u00f6ljs av ett samtal&#8230;<\/p>\n","protected":false},"author":2,"featured_media":849,"menu_order":0,"comment_status":"closed","ping_status":"closed","template":"","portfolio_category":[5],"portfolio_tag":[],"class_list":["post-845","portfolio_page","type-portfolio_page","status-publish","has-post-thumbnail","hentry","portfolio_category-langfilmer"],"_links":{"self":[{"href":"https:\/\/cinemaqueer.se\/cq23\/wp-json\/wp\/v2\/portfolio_page\/845","targetHints":{"allow":["GET"]}}],"collection":[{"href":"https:\/\/cinemaqueer.se\/cq23\/wp-json\/wp\/v2\/portfolio_page"}],"about":[{"href":"https:\/\/cinemaqueer.se\/cq23\/wp-json\/wp\/v2\/types\/portfolio_page"}],"author":[{"embeddable":true,"href":"https:\/\/cinemaqueer.se\/cq23\/wp-json\/wp\/v2\/users\/2"}],"replies":[{"embeddable":true,"href":"https:\/\/cinemaqueer.se\/cq23\/wp-json\/wp\/v2\/comments?post=845"}],"wp:featuredmedia":[{"embeddable":true,"href":"https:\/\/cinemaqueer.se\/cq23\/wp-json\/wp\/v2\/media\/849"}],"wp:attachment":[{"href":"https:\/\/cinemaqueer.se\/cq23\/wp-json\/wp\/v2\/media?parent=845"}],"wp:term":[{"taxonomy":"portfolio_category","embeddable":true,"href":"https:\/\/cinemaqueer.se\/cq23\/wp-json\/wp\/v2\/portfolio_category?post=845"},{"taxonomy":"portfolio_tag","embeddable":true,"href":"https:\/\/cinemaqueer.se\/cq23\/wp-json\/wp\/v2\/portfolio_tag?post=845"}],"curies":[{"name":"wp","href":"https:\/\/api.w.org\/{rel}","templated":true}]}}