{"id":1374,"date":"2024-09-06T11:09:35","date_gmt":"2024-09-06T09:09:35","guid":{"rendered":"https:\/\/cinemaqueer.se\/cq24\/?post_type=portfolio_page&#038;p=1374"},"modified":"2024-09-09T12:25:04","modified_gmt":"2024-09-09T10:25:04","slug":"marble-ass","status":"publish","type":"portfolio_page","link":"https:\/\/cinemaqueer.se\/cq24\/portfolio_page\/marble-ass\/","title":{"rendered":"Marble Ass"},"content":{"rendered":"<div class=\"wpb-content-wrapper\"><p>[vc_row css_animation=&#8221;&#8221; row_type=&#8221;row&#8221; use_row_as_full_screen_section=&#8221;no&#8221; type=&#8221;full_width&#8221; angled_section=&#8221;no&#8221; text_align=&#8221;left&#8221; background_image_as_pattern=&#8221;without_pattern&#8221; css=&#8221;.vc_custom_1724839493573{padding-top: 40px !important;padding-right: 40px !important;padding-bottom: 40px !important;padding-left: 40px !important;background-color: #dc3ca9 !important;}&#8221; z_index=&#8221;&#8221; padding_top=&#8221;100&#8243;][vc_column width=&#8221;1\/2&#8243;][vc_column_text css=&#8221;&#8221;]<\/p>\n<h2>Marble Ass<\/h2>\n<p><strong>\u017delimir \u017dilnik \/ Serbien \/ 1995 \/ 86 min \/ Engelska undertexter<br \/>\nOnsdag 2 okt kl 20.30, Kontr\u00e4r<br \/>\n<\/strong><\/p>\n<p>F\u00f6rest\u00e4ll er en historia i sann John Waters-anda inspelad i 90-talets Belgrad &#8211; en stad drabbad av internationella ekonomiska sanktioner, kriminalitet och v\u00e5ldsam nationalism till f\u00f6ljd av kriget. Det \u00e4r precis vad regiss\u00f6ren \u017delimir \u017dilnik skapat tillsammans med stadens HBTQ+-community i protest mot den r\u00e5dande giftiga maskuliniteten som omger dem. Men j\u00e4mf\u00f6relserna med Waters slutar inte d\u00e4r. Marble ass \u00e4r en kitchig, campig actionkomedi som kommer f\u00e5 dig att b\u00e5de dra efter andan och skratta hysteriskt.<\/p>\n<p>&nbsp;<\/p>\n<p>I filmen m\u00f6ter vi Merlinka (Vjeran Miladinovi\u0107), transkvinna och sexarbetare vars vassaste vapen inte \u00e4r pistoler och knivar, utan sex och k\u00e4rlek. Som stadens matriark sprider hon sina l\u00e4rdomar till yngre systrar &#8211; av vilka m\u00e5nga kom fr\u00e5n det trans- och queerscommunityt i Belgrad och spelar fiktiva versioner av sig sj\u00e4lva. Men Merlinka dr\u00f6mmer ocks\u00e5 om k\u00e4rlek, en dr\u00f6m som visar sig farligare \u00e4n hon kunnat ana.<\/p>\n<p>&nbsp;<\/p>\n<p>Regiss\u00f6ren \u017delimir \u017dilnik \u00e4r en veteran fr\u00e5n den radikala jugoslaviska svarta v\u00e5gen p\u00e5 1960-talet och fortfarande verksam idag. Marble Ass anses ofta vara den f\u00f6rsta filmen fr\u00e5n det forna Jugoslavien som \u00f6ppet skildrar HBTQ+-karakt\u00e4rer och prisades med the Teddy Award p\u00e5 Berlinalen.[\/vc_column_text][vc_empty_space][vc_row_inner row_type=&#8221;row&#8221; type=&#8221;full_width&#8221; text_align=&#8221;left&#8221; css_animation=&#8221;&#8221;][vc_column_inner width=&#8221;1\/2&#8243;]<a  itemprop=\"url\" href=\"https:\/\/kulturbiljetter.se\/evenemang\/7350\/marble-ass\/\" target=\"_blank\"  class=\"qbutton  big_large_full_width default\" style=\"\">BILJETT<\/a>[\/vc_column_inner][vc_column_inner width=&#8221;1\/2&#8243;]<a  itemprop=\"url\" href=\"https:\/\/kulturbiljetter.se\/evenemang\/7387\/cinema-queer-festivalpass-30-sep-6-okt-2024\/\" target=\"_blank\"  class=\"qbutton  big_large_full_width default\" style=\"\">K\u00d6P FESTIVALPASS<\/a>[\/vc_column_inner][\/vc_row_inner][vc_empty_space height=&#8221;12px&#8221;][\/vc_column][vc_column width=&#8221;1\/2&#8243;][vc_single_image image=&#8221;1482&#8243; img_size=&#8221;full&#8221; css=&#8221;&#8221; qode_css_animation=&#8221;&#8221;][vc_empty_space height=&#8221;12px&#8221;][vc_single_image image=&#8221;1483&#8243; img_size=&#8221;full&#8221; css=&#8221;&#8221; qode_css_animation=&#8221;&#8221;][vc_empty_space height=&#8221;12px&#8221;][vc_single_image image=&#8221;1484&#8243; img_size=&#8221;full&#8221; css=&#8221;&#8221; qode_css_animation=&#8221;&#8221;][vc_empty_space height=&#8221;12px&#8221;][vc_video link=&#8221;https:\/\/www.youtube.com\/watch?v=ypQ2j9z1P04&#8243; css=&#8221;&#8221;][vc_empty_space height=&#8221;12px&#8221;][\/vc_column][\/vc_row]<\/p>\n<\/div>","protected":false},"excerpt":{"rendered":"<p>[vc_row css_animation=&#8221;&#8221; row_type=&#8221;row&#8221; use_row_as_full_screen_section=&#8221;no&#8221; type=&#8221;full_width&#8221; angled_section=&#8221;no&#8221; text_align=&#8221;left&#8221; background_image_as_pattern=&#8221;without_pattern&#8221; css=&#8221;.vc_custom_1724839493573{padding-top: 40px !important;padding-right: 40px !important;padding-bottom: 40px !important;padding-left: 40px !important;background-color: #dc3ca9 !important;}&#8221; z_index=&#8221;&#8221; padding_top=&#8221;100&#8243;][vc_column width=&#8221;1\/2&#8243;][vc_column_text css=&#8221;&#8221;] Marble Ass \u017delimir \u017dilnik \/ Serbien \/ 1995 \/ 86 min \/ Engelska undertexter Onsdag 2 okt kl 20.30, Kontr\u00e4r F\u00f6rest\u00e4ll er&#8230;<\/p>\n","protected":false},"author":2,"featured_media":1377,"menu_order":0,"comment_status":"closed","ping_status":"closed","template":"","portfolio_category":[4],"portfolio_tag":[],"class_list":["post-1374","portfolio_page","type-portfolio_page","status-publish","has-post-thumbnail","hentry","portfolio_category-langfilmer"],"_links":{"self":[{"href":"https:\/\/cinemaqueer.se\/cq24\/wp-json\/wp\/v2\/portfolio_page\/1374","targetHints":{"allow":["GET"]}}],"collection":[{"href":"https:\/\/cinemaqueer.se\/cq24\/wp-json\/wp\/v2\/portfolio_page"}],"about":[{"href":"https:\/\/cinemaqueer.se\/cq24\/wp-json\/wp\/v2\/types\/portfolio_page"}],"author":[{"embeddable":true,"href":"https:\/\/cinemaqueer.se\/cq24\/wp-json\/wp\/v2\/users\/2"}],"replies":[{"embeddable":true,"href":"https:\/\/cinemaqueer.se\/cq24\/wp-json\/wp\/v2\/comments?post=1374"}],"wp:featuredmedia":[{"embeddable":true,"href":"https:\/\/cinemaqueer.se\/cq24\/wp-json\/wp\/v2\/media\/1377"}],"wp:attachment":[{"href":"https:\/\/cinemaqueer.se\/cq24\/wp-json\/wp\/v2\/media?parent=1374"}],"wp:term":[{"taxonomy":"portfolio_category","embeddable":true,"href":"https:\/\/cinemaqueer.se\/cq24\/wp-json\/wp\/v2\/portfolio_category?post=1374"},{"taxonomy":"portfolio_tag","embeddable":true,"href":"https:\/\/cinemaqueer.se\/cq24\/wp-json\/wp\/v2\/portfolio_tag?post=1374"}],"curies":[{"name":"wp","href":"https:\/\/api.w.org\/{rel}","templated":true}]}}