{"id":1726,"date":"2024-09-27T10:20:39","date_gmt":"2024-09-27T08:20:39","guid":{"rendered":"https:\/\/cinemaqueer.se\/cq24\/?post_type=portfolio_page&#038;p=1726"},"modified":"2024-09-27T10:21:07","modified_gmt":"2024-09-27T08:21:07","slug":"pa-orgel-yari-blue","status":"publish","type":"portfolio_page","link":"https:\/\/cinemaqueer.se\/cq24\/portfolio_page\/pa-orgel-yari-blue\/","title":{"rendered":"&#8230;och p\u00e5 orgeln &#8211; Yari Blue"},"content":{"rendered":"<div class=\"wpb-content-wrapper\"><p>[vc_row css_animation=&#8221;&#8221; row_type=&#8221;row&#8221; use_row_as_full_screen_section=&#8221;no&#8221; type=&#8221;full_width&#8221; angled_section=&#8221;no&#8221; text_align=&#8221;left&#8221; background_image_as_pattern=&#8221;without_pattern&#8221; css=&#8221;.vc_custom_1724839493573{padding-top: 40px !important;padding-right: 40px !important;padding-bottom: 40px !important;padding-left: 40px !important;background-color: #dc3ca9 !important;}&#8221; z_index=&#8221;&#8221; padding_top=&#8221;100&#8243;][vc_column width=&#8221;1\/2&#8243;][vc_column_text css=&#8221;&#8221;]<\/p>\n<h2>&#8230;och p\u00e5 orgeln- Yari Blue<\/h2>\n<p><strong>M\u00e5ndag 30 sep kl 18.30, Allhelgonakyrkan<\/strong><\/p>\n<p>Yari Blue \u2013 en experimentell elektronisk\/soul-artist med kraftfull s\u00e5ng som kommer att f\u00e5 dig ur din crybaby-era och skicka fyllesms till din crush. F\u00f6r f\u00f6rsta g\u00e5ngen tar hon sig an orgeln med sina Queer Intentions och ger en r\u00e5 dimension till hennes ljudbild. Genom ett spel mellan m\u00f6rker och djup, st\u00e4ller hon oss \u00f6ga mot \u00f6ga med bittra av den queera f\u00f6rsta k\u00e4rlek, hj\u00e4rtesorg och den utmattande jakten p\u00e5 att hitta hem. Hon tar oss med och g\u00f6r oss alla till skyldiga bladv\u00e4ndare i b\u00e5de hennes dagbok \u2013 och v\u00e5r egen.[\/vc_column_text][vc_empty_space][vc_row_inner row_type=&#8221;row&#8221; type=&#8221;full_width&#8221; text_align=&#8221;left&#8221; css_animation=&#8221;&#8221;][vc_column_inner]<a  itemprop=\"url\" href=\"https:\/\/kulturbiljetter.se\/evenemang\/7387\/cinema-queer-festivalpass-30-sep-6-okt-2024\/\" target=\"_blank\"  class=\"qbutton  big_large_full_width default\" style=\"\">K\u00d6P FESTIVALPASS<\/a>[\/vc_column_inner][\/vc_row_inner][vc_empty_space height=&#8221;12px&#8221;][\/vc_column][vc_column width=&#8221;1\/2&#8243;][vc_single_image image=&#8221;1727&#8243; img_size=&#8221;full&#8221; css=&#8221;&#8221; qode_css_animation=&#8221;&#8221;][vc_empty_space height=&#8221;12px&#8221;][\/vc_column][\/vc_row]<\/p>\n<\/div>","protected":false},"excerpt":{"rendered":"<p>[vc_row css_animation=&#8221;&#8221; row_type=&#8221;row&#8221; use_row_as_full_screen_section=&#8221;no&#8221; type=&#8221;full_width&#8221; angled_section=&#8221;no&#8221; text_align=&#8221;left&#8221; background_image_as_pattern=&#8221;without_pattern&#8221; css=&#8221;.vc_custom_1724839493573{padding-top: 40px !important;padding-right: 40px !important;padding-bottom: 40px !important;padding-left: 40px !important;background-color: #dc3ca9 !important;}&#8221; z_index=&#8221;&#8221; padding_top=&#8221;100&#8243;][vc_column width=&#8221;1\/2&#8243;][vc_column_text css=&#8221;&#8221;] &#8230;och p\u00e5 orgeln- Yari Blue M\u00e5ndag 30 sep kl 18.30, Allhelgonakyrkan Yari Blue \u2013 en experimentell elektronisk\/soul-artist med kraftfull s\u00e5ng som kommer&#8230;<\/p>\n","protected":false},"author":2,"featured_media":1727,"menu_order":0,"comment_status":"closed","ping_status":"closed","template":"","portfolio_category":[5],"portfolio_tag":[],"class_list":["post-1726","portfolio_page","type-portfolio_page","status-publish","has-post-thumbnail","hentry","portfolio_category-akter"],"_links":{"self":[{"href":"https:\/\/cinemaqueer.se\/cq24\/wp-json\/wp\/v2\/portfolio_page\/1726","targetHints":{"allow":["GET"]}}],"collection":[{"href":"https:\/\/cinemaqueer.se\/cq24\/wp-json\/wp\/v2\/portfolio_page"}],"about":[{"href":"https:\/\/cinemaqueer.se\/cq24\/wp-json\/wp\/v2\/types\/portfolio_page"}],"author":[{"embeddable":true,"href":"https:\/\/cinemaqueer.se\/cq24\/wp-json\/wp\/v2\/users\/2"}],"replies":[{"embeddable":true,"href":"https:\/\/cinemaqueer.se\/cq24\/wp-json\/wp\/v2\/comments?post=1726"}],"wp:featuredmedia":[{"embeddable":true,"href":"https:\/\/cinemaqueer.se\/cq24\/wp-json\/wp\/v2\/media\/1727"}],"wp:attachment":[{"href":"https:\/\/cinemaqueer.se\/cq24\/wp-json\/wp\/v2\/media?parent=1726"}],"wp:term":[{"taxonomy":"portfolio_category","embeddable":true,"href":"https:\/\/cinemaqueer.se\/cq24\/wp-json\/wp\/v2\/portfolio_category?post=1726"},{"taxonomy":"portfolio_tag","embeddable":true,"href":"https:\/\/cinemaqueer.se\/cq24\/wp-json\/wp\/v2\/portfolio_tag?post=1726"}],"curies":[{"name":"wp","href":"https:\/\/api.w.org\/{rel}","templated":true}]}}