{"id":1317,"date":"2024-09-04T14:00:51","date_gmt":"2024-09-04T12:00:51","guid":{"rendered":"https:\/\/cinemaqueer.se\/cq24\/?page_id=1317"},"modified":"2025-09-14T15:51:19","modified_gmt":"2025-09-14T13:51:19","slug":"gaster","status":"publish","type":"page","link":"https:\/\/cinemaqueer.se\/cq25\/gaster\/","title":{"rendered":"G\u00e4ster"},"content":{"rendered":"<div class=\"wpb-content-wrapper\"><p>[vc_row css_animation=&#8221;&#8221; row_type=&#8221;row&#8221; use_row_as_full_screen_section=&#8221;no&#8221; type=&#8221;full_width&#8221; angled_section=&#8221;no&#8221; text_align=&#8221;left&#8221; background_image_as_pattern=&#8221;without_pattern&#8221; z_index=&#8221;&#8221; padding_top=&#8221;100&#8243; padding_bottom=&#8221;30&#8243;][vc_column width=&#8221;1\/4&#8243;][vc_single_image image=&#8221;2410&#8243; img_size=&#8221;full&#8221; css=&#8221;&#8221; qode_css_animation=&#8221;&#8221;][vc_column_text css=&#8221;.vc_custom_1756825516641{border-top-width: 2px !important;border-right-width: 2px !important;border-bottom-width: 2px !important;border-left-width: 2px !important;padding-top: 20px !important;padding-right: 20px !important;padding-bottom: 20px !important;padding-left: 20px !important;background-image: url(https:\/\/cinemaqueer.se\/cq25\/wp-content\/uploads\/2025\/08\/bakgrund-2000&#215;800-px.jpg?id=12) !important;border-left-style: ridge !important;border-right-style: ridge !important;border-top-style: ridge !important;border-bottom-style: ridge !important;border-color: #2A4914 !important;}&#8221;]<\/p>\n<h3><strong>Bleach\u00a0<\/strong><\/h3>\n<p>P\u00e5 trapporna till Historiska museet gjorde hon entr\u00e9 2017. I en l\u00e5ng r\u00f6d kl\u00e4nning, det blonderade h\u00e5ret och med en r\u00f6st som en \u00e4ngel tog hon Stockholm med storm och har sedan dess varit Cinema Queers officiella Queen. Nu kommer hon tillbaka f\u00f6r att leda oss genom \u00e5rets djuriska invigning och f\u00f6r att st\u00e4lla sig bakom DJ-b\u00e5set tillsammans med Lasse L\u00e5ngstr\u00f6m p\u00e5 fredagens snuskigaste fest. Vi v\u00e4lkomnar v\u00e5r revolution\u00e4ra drottning till Stockholm f\u00f6r att sprida sitt sedvanliga kaos \u00f6ver hela festivalen![\/vc_column_text][vc_empty_space][vc_single_image image=&#8221;1855&#8243; img_size=&#8221;120&#215;120&#8243; alignment=&#8221;center&#8221; css=&#8221;&#8221; qode_css_animation=&#8221;&#8221;][\/vc_column][vc_column width=&#8221;1\/4&#8243;][vc_single_image image=&#8221;2412&#8243; img_size=&#8221;full&#8221; css=&#8221;&#8221; qode_css_animation=&#8221;&#8221;][vc_column_text css=&#8221;.vc_custom_1756832603315{border-top-width: 2px !important;border-right-width: 2px !important;border-bottom-width: 2px !important;border-left-width: 2px !important;padding-top: 20px !important;padding-right: 20px !important;padding-bottom: 20px !important;padding-left: 20px !important;background-image: url(https:\/\/cinemaqueer.se\/cq25\/wp-content\/uploads\/2025\/08\/bakgrund-2000&#215;800-px.jpg?id=12) !important;border-left-style: ridge !important;border-right-style: ridge !important;border-top-style: ridge !important;border-bottom-style: ridge !important;border-color: #335719 !important;}&#8221;]<\/p>\n<h3><strong>Diva Monroe<\/strong><\/h3>\n<p>M\u00f6t Diva Monroe &#8211; transperson, bloggare, aktivist och huvudrollen i Cinema Queer-aktuella Queen of Joy. Hon har en l\u00e5ng bakgrund som programledare och drag superstar men har sedan Rysslands fullskaliga anfallskrig framf\u00f6rallt blivit k\u00e4nd som influenser och f\u00f6r hennes Youtube-blogg. H\u00e4r ber\u00e4ttar hon \u00e4rligt och \u00f6ppet om vardagen f\u00f6r HBTQIA+ communityt i det krigsh\u00e4rjade Ukraina. Hon kommer till Stockholm f\u00f6r att inviga festivalen och delta i ett samtal efter visningen av Queen of Joy.[\/vc_column_text][vc_empty_space][vc_single_image image=&#8221;1839&#8243; img_size=&#8221;120&#215;120&#8243; alignment=&#8221;center&#8221; css=&#8221;&#8221; qode_css_animation=&#8221;&#8221;][\/vc_column][vc_column width=&#8221;1\/4&#8243;][vc_single_image image=&#8221;2471&#8243; img_size=&#8221;full&#8221; css=&#8221;&#8221; qode_css_animation=&#8221;&#8221;][vc_column_text css=&#8221;.vc_custom_1757857878392{border-top-width: 2px !important;border-right-width: 2px !important;border-bottom-width: 2px !important;border-left-width: 2px !important;padding-top: 20px !important;padding-right: 20px !important;padding-bottom: 20px !important;padding-left: 20px !important;background-image: url(https:\/\/cinemaqueer.se\/cq25\/wp-content\/uploads\/2025\/08\/bakgrund-2000&#215;800-px.jpg?id=12) !important;border-left-style: ridge !important;border-right-style: ridge !important;border-top-style: ridge !important;border-bottom-style: ridge !important;border-color: #334E1F !important;}&#8221;]<\/p>\n<h3>Funny Livdotter<\/h3>\n<p>Funny Livdotter \u00e4r en konstn\u00e4r som arbetar tematiskt med psykosociala fr\u00e5gor, liksom lyfter m\u00e4nskligheten i sin hand och studerar den som en antropolog. Hen \u00e4r museidirekt\u00f6r och grundare av Homografiska Museet, ett fysiskt queer museum\u00a0 som k\u00f6per in fem konstverk varje \u00e5r som blir en del av en permanent samling. H\u00e4r lyfts queer konst och queera konstn\u00e4rer &#8211; och st\u00e4ller sig fr\u00e5gan; om queer var norm, hur skulle historieber\u00e4ttandet se ut d\u00e5?<br \/>\nHomografiska Museet finns i Fengersfors, Dalsland &#8211; i parken hos konstn\u00e4rskooperativet Not Quite.<\/p>\n<div><\/div>\n<div>Bild: Naomi Pongolini<\/div>\n<p>[\/vc_column_text][vc_empty_space][vc_single_image image=&#8221;1840&#8243; img_size=&#8221;130&#215;106&#8243; alignment=&#8221;center&#8221; css=&#8221;&#8221; qode_css_animation=&#8221;&#8221;][\/vc_column][vc_column width=&#8221;1\/4&#8243;][vc_single_image image=&#8221;2467&#8243; img_size=&#8221;full&#8221; css=&#8221;&#8221; qode_css_animation=&#8221;&#8221;][vc_column_text css=&#8221;.vc_custom_1756967489556{border-top-width: 2px !important;border-right-width: 2px !important;border-bottom-width: 2px !important;border-left-width: 2px !important;padding-top: 20px !important;padding-right: 20px !important;padding-bottom: 20px !important;padding-left: 20px !important;background-image: url(https:\/\/cinemaqueer.se\/cq25\/wp-content\/uploads\/2025\/08\/bakgrund-2000&#215;800-px.jpg?id=12) !important;border-left-style: ridge !important;border-right-style: ridge !important;border-top-style: ridge !important;border-bottom-style: ridge !important;border-color: #2A4517 !important;}&#8221;]<\/p>\n<h3><strong>Lasse L\u00e5ngst\u00f6m<\/strong><\/h3>\n<p><span style=\"font-weight: 400;\">Lasse L\u00e5ngstr\u00f6m \u00e4r filmregiss\u00f6r och konstn\u00e4r med en punkig inst\u00e4llning till film. Tillsammans med sitt crew g\u00f6r han anarkistiska musikaler, queer-erotiska kortfilmer och mycket annat men alltid med en tydlig spark upp\u00e5t. Lasse har l\u00e4nge varit engagerad i\u00a0 The homosex syndicate of precarious avantgarde artists, ett n\u00e4tverk av queera kreat\u00f6rer. I \u00e5r kommer han till Cinema Queer f\u00f6r att tillsammans med 6film presentera sina senaste filmer, den h\u00e4r g\u00e5ngen kommer han \u00e4ven st\u00e4lla sig bakom DJ-b\u00e5set och spela skivor tillsammans med Bleach!<\/span>[\/vc_column_text][vc_empty_space][vc_single_image image=&#8221;1850&#8243; img_size=&#8221;120&#215;120&#8243; alignment=&#8221;center&#8221; css=&#8221;&#8221; qode_css_animation=&#8221;&#8221;][\/vc_column][\/vc_row][vc_row css_animation=&#8221;&#8221; row_type=&#8221;row&#8221; use_row_as_full_screen_section=&#8221;no&#8221; type=&#8221;full_width&#8221; angled_section=&#8221;no&#8221; text_align=&#8221;left&#8221; background_image_as_pattern=&#8221;without_pattern&#8221; z_index=&#8221;&#8221; padding_top=&#8221;100&#8243; padding_bottom=&#8221;30&#8243;][vc_column width=&#8221;1\/4&#8243;][vc_single_image image=&#8221;2415&#8243; img_size=&#8221;full&#8221; css=&#8221;&#8221; qode_css_animation=&#8221;&#8221;][vc_column_text css=&#8221;.vc_custom_1756826317472{border-top-width: 2px !important;border-right-width: 2px !important;border-bottom-width: 2px !important;border-left-width: 2px !important;padding-top: 20px !important;padding-right: 20px !important;padding-bottom: 20px !important;padding-left: 20px !important;background-image: url(https:\/\/cinemaqueer.se\/cq25\/wp-content\/uploads\/2025\/08\/bakgrund-2000&#215;800-px.jpg?id=12) !important;border-left-style: ridge !important;border-right-style: ridge !important;border-top-style: ridge !important;border-bottom-style: ridge !important;border-color: #2A4914 !important;}&#8221;]<\/p>\n<h3><strong>Marte Reithaug Sterud &amp; Ann-Christin Kongsness\u00a0<\/strong><\/h3>\n<p>\u00c4nda fr\u00e5n Norge kommer danskonstn\u00e4rerna Marte Reithaug Sterud och Ann-Christin Kongsness. Sterud och Kongsness m\u00f6ttes genom ett teoretiskt och personligt intresse f\u00f6r relationen mellan dans, kropp, genus och performativitet. I deras tidigare produktion Soft Manifesto, som hade premi\u00e4r p\u00e5 Black Box teater 2015, utgick ber\u00e4ttelsen fr\u00e5n en androgyn och tvetydig kropp. F\u00f6rest\u00e4llningen hade ett lekfullt och flytande f\u00f6rh\u00e5llande till genusuttryck och r\u00f6rde sig in och ut i olika kroppsgestaltningar. Till Cinema Queer kommer de med sitt senaste verk Flandelldr\u00f6m &#8211; a buthc tribute. Ett konstn\u00e4rligt och politiskt utforskande av vad en butch \u00e4r och kan vara.[\/vc_column_text][vc_empty_space][vc_single_image image=&#8221;1846&#8243; img_size=&#8221;120&#215;120&#8243; alignment=&#8221;center&#8221; css=&#8221;&#8221; qode_css_animation=&#8221;&#8221;][vc_empty_space][\/vc_column][vc_column width=&#8221;1\/4&#8243;][vc_single_image image=&#8221;2411&#8243; img_size=&#8221;full&#8221; css=&#8221;&#8221; qode_css_animation=&#8221;&#8221;][vc_column_text css=&#8221;.vc_custom_1756833680563{border-top-width: 2px !important;border-right-width: 2px !important;border-bottom-width: 2px !important;border-left-width: 2px !important;padding-top: 20px !important;padding-right: 20px !important;padding-bottom: 20px !important;padding-left: 20px !important;background-image: url(https:\/\/cinemaqueer.se\/cq25\/wp-content\/uploads\/2025\/08\/bakgrund-2000&#215;800-px.jpg?id=12) !important;border-left-style: ridge !important;border-right-style: ridge !important;border-top-style: ridge !important;border-bottom-style: ridge !important;border-color: #335719 !important;}&#8221;]<\/p>\n<h3><strong>Olga Gibelinda<\/strong><\/h3>\n<p>Olga Gibelinda \u00e4r ukrainsk regiss\u00f6r och manusf\u00f6rfattare och har gjort \u00f6ver 20 dokument\u00e4rfilmer under sin l\u00e5nga karri\u00e4r. Hennes filmer bottnar alltid i ett djupt politiskt engagemang i minoritetsfr\u00e5gor och hon har l\u00e4nge varit starkt engagerad f\u00f6r HBTQ-r\u00e4ttigheter i Ukraina. Queen of Joy s\u00e4ger hon sj\u00e4lv kommer fr\u00e5n en n\u00f6dv\u00e4ndighet att ber\u00e4tta historien om de som trots kriget stannar i landet och f\u00f6rs\u00f6ker skapa ett b\u00e4ttre samh\u00e4lle f\u00f6r fler. Hon kommer till Sverige tillsammans med Diva Monroe f\u00f6r att presentera sin senaste film Queen of Joy och medverkar efter filmen i ett samtal.[\/vc_column_text][vc_empty_space][vc_single_image image=&#8221;1849&#8243; img_size=&#8221;120&#215;120&#8243; alignment=&#8221;center&#8221; css=&#8221;&#8221; qode_css_animation=&#8221;&#8221;][vc_empty_space][\/vc_column][vc_column width=&#8221;1\/4&#8243;][vc_single_image image=&#8221;2425&#8243; img_size=&#8221;full&#8221; css=&#8221;&#8221; qode_css_animation=&#8221;&#8221;][vc_column_text css=&#8221;.vc_custom_1756833361545{border-top-width: 2px !important;border-right-width: 2px !important;border-bottom-width: 2px !important;border-left-width: 2px !important;padding-top: 20px !important;padding-right: 20px !important;padding-bottom: 20px !important;padding-left: 20px !important;background-image: url(https:\/\/cinemaqueer.se\/cq25\/wp-content\/uploads\/2025\/08\/bakgrund-2000&#215;800-px.jpg?id=12) !important;border-left-style: ridge !important;border-right-style: ridge !important;border-top-style: ridge !important;border-bottom-style: ridge !important;border-color: #334E1F !important;}&#8221;]<\/p>\n<h3>Popo Fan<\/h3>\n<p>Som filmskapare har Popo Fan haft en betydande inverkan p\u00e5 det kinesiska samh\u00e4llet genom sina queera dokument\u00e4rfilmer. \u00c5r 2017 flyttade han fr\u00e5n Peking till Berlin. Han utforskar intersektionella teman som migration och genus, och han inkluderar ofta genreelement som komedi och thriller. Popo \u00e4r fortsatt aktiv\u00a0 i Kina, d\u00e4r han \u00e4r verksam som tr\u00e4nare f\u00f6r Queer University Video Camp och har varit med och organiserat Beijing Queer Film Festival i n\u00e4stan tv\u00e5 decennier. Han skriver \u00e4ven regelbundna kolumner f\u00f6r flera kinesiska medieplattformar och upptr\u00e4der ibland som st\u00e5uppkomiker. Han \u00e4lskar att laga mat och sjunga\u2014och kombinerar ibland de tv\u00e5 i sina \u201dKitchen Karaoke\u201d-videor, som finns p\u00e5 Instagram.[\/vc_column_text][vc_empty_space][vc_single_image image=&#8221;1856&#8243; img_size=&#8221;120&#215;120&#8243; alignment=&#8221;center&#8221; css=&#8221;&#8221; qode_css_animation=&#8221;&#8221;][vc_empty_space][\/vc_column][vc_column width=&#8221;1\/4&#8243;][vc_single_image image=&#8221;2420&#8243; img_size=&#8221;full&#8221; css=&#8221;&#8221; qode_css_animation=&#8221;&#8221;][vc_column_text css=&#8221;.vc_custom_1756826397606{border-top-width: 2px !important;border-right-width: 2px !important;border-bottom-width: 2px !important;border-left-width: 2px !important;padding-top: 20px !important;padding-right: 20px !important;padding-bottom: 20px !important;padding-left: 20px !important;background-image: url(https:\/\/cinemaqueer.se\/cq25\/wp-content\/uploads\/2025\/08\/bakgrund-2000&#215;800-px.jpg?id=12) !important;border-left-style: ridge !important;border-right-style: ridge !important;border-top-style: ridge !important;border-bottom-style: ridge !important;border-color: #2A4517 !important;}&#8221;]<\/p>\n<h3><strong>Team Moldavien\u00a0<\/strong><\/h3>\n<p>Queer Voices International Film Festival \u00e4r Moldaviens enda HBTQIA+ festival och har arrangerats sedan 2019. Deras m\u00e5l \u00e4r att skapa en plattform d\u00e4r queera r\u00f6ster kan uttryckas och h\u00f6ras och skapa s\u00e4kra rum i ett land d\u00e4r queera r\u00f6ster s\u00e4llan h\u00f6rs. Varje \u00e5r arrangerar de en storslagen festival som fyller Chi\u0219in\u0103u till bredden med queer kultur. Vi har haft ett n\u00e4ra samarbete med Queer Voices sedan starten och \u00e4r i \u00e5r extra glada \u00f6ver att de kommer p\u00e5 bes\u00f6k. I \u00e5r n\u00e4rvarar Lorelei Grigori\u021b\u0103, Max Carlan och deras nya konstn\u00e4rliga ledare Steliana Rudco![\/vc_column_text][vc_empty_space][vc_single_image image=&#8221;1859&#8243; img_size=&#8221;120&#215;120&#8243; alignment=&#8221;center&#8221; css=&#8221;&#8221; qode_css_animation=&#8221;&#8221;][vc_empty_space][\/vc_column][\/vc_row]<\/p>\n<\/div>","protected":false},"excerpt":{"rendered":"<p>[vc_row css_animation=&#8221;&#8221; row_type=&#8221;row&#8221; use_row_as_full_screen_section=&#8221;no&#8221; type=&#8221;full_width&#8221; angled_section=&#8221;no&#8221; text_align=&#8221;left&#8221; background_image_as_pattern=&#8221;without_pattern&#8221; z_index=&#8221;&#8221; padding_top=&#8221;100&#8243; padding_bottom=&#8221;30&#8243;][vc_column width=&#8221;1\/4&#8243;][vc_single_image image=&#8221;2410&#8243; img_size=&#8221;full&#8221; css=&#8221;&#8221; qode_css_animation=&#8221;&#8221;][vc_column_text css=&#8221;.vc_custom_1756825516641{border-top-width: 2px !important;border-right-width: 2px !important;border-bottom-width: 2px !important;border-left-width: 2px !important;padding-top: 20px !important;padding-right: 20px !important;padding-bottom: 20px !important;padding-left: 20px !important;background-image: url(https:\/\/cinemaqueer.se\/cq25\/wp-content\/uploads\/2025\/08\/bakgrund-2000&#215;800-px.jpg?id=12) !important;border-left-style: ridge !important;border-right-style: ridge !important;border-top-style: ridge !important;border-bottom-style: ridge !important;border-color: #2A4914 !important;}&#8221;]&#8230;<\/p>\n","protected":false},"author":1,"featured_media":0,"parent":0,"menu_order":0,"comment_status":"closed","ping_status":"closed","template":"","meta":{"footnotes":""},"class_list":["post-1317","page","type-page","status-publish","hentry"],"_links":{"self":[{"href":"https:\/\/cinemaqueer.se\/cq25\/wp-json\/wp\/v2\/pages\/1317","targetHints":{"allow":["GET"]}}],"collection":[{"href":"https:\/\/cinemaqueer.se\/cq25\/wp-json\/wp\/v2\/pages"}],"about":[{"href":"https:\/\/cinemaqueer.se\/cq25\/wp-json\/wp\/v2\/types\/page"}],"author":[{"embeddable":true,"href":"https:\/\/cinemaqueer.se\/cq25\/wp-json\/wp\/v2\/users\/1"}],"replies":[{"embeddable":true,"href":"https:\/\/cinemaqueer.se\/cq25\/wp-json\/wp\/v2\/comments?post=1317"}],"version-history":[{"count":46,"href":"https:\/\/cinemaqueer.se\/cq25\/wp-json\/wp\/v2\/pages\/1317\/revisions"}],"predecessor-version":[{"id":2473,"href":"https:\/\/cinemaqueer.se\/cq25\/wp-json\/wp\/v2\/pages\/1317\/revisions\/2473"}],"wp:attachment":[{"href":"https:\/\/cinemaqueer.se\/cq25\/wp-json\/wp\/v2\/media?parent=1317"}],"curies":[{"name":"wp","href":"https:\/\/api.w.org\/{rel}","templated":true}]}}