{"id":2377,"date":"2025-09-01T16:01:10","date_gmt":"2025-09-01T14:01:10","guid":{"rendered":"https:\/\/cinemaqueer.se\/cq25\/?page_id=2377"},"modified":"2025-09-01T16:06:59","modified_gmt":"2025-09-01T14:06:59","slug":"cinema-queer-15-ar","status":"publish","type":"page","link":"https:\/\/cinemaqueer.se\/cq25\/cinema-queer-15-ar\/","title":{"rendered":"Cinema Queer 15 \u00e5r!"},"content":{"rendered":"<div class=\"wpb-content-wrapper\"><p>[vc_row css_animation=&#8221;&#8221; row_type=&#8221;row&#8221; use_row_as_full_screen_section=&#8221;no&#8221; type=&#8221;full_width&#8221; angled_section=&#8221;no&#8221; text_align=&#8221;left&#8221; background_image_as_pattern=&#8221;without_pattern&#8221;][vc_column width=&#8221;1\/4&#8243;][vc_single_image image=&#8221;1917&#8243; img_size=&#8221;medium&#8221; css=&#8221;&#8221; qode_css_animation=&#8221;&#8221;][\/vc_column][vc_column width=&#8221;1\/4&#8243;][vc_single_image image=&#8221;1844&#8243; img_size=&#8221;medium&#8221; css=&#8221;&#8221; qode_css_animation=&#8221;&#8221;][\/vc_column][vc_column width=&#8221;1\/4&#8243;][vc_single_image image=&#8221;1914&#8243; img_size=&#8221;medium&#8221; css=&#8221;&#8221; qode_css_animation=&#8221;&#8221;][\/vc_column][vc_column width=&#8221;1\/4&#8243;][\/vc_column][\/vc_row][vc_row css_animation=&#8221;&#8221; row_type=&#8221;row&#8221; use_row_as_full_screen_section=&#8221;no&#8221; type=&#8221;full_width&#8221; angled_section=&#8221;no&#8221; text_align=&#8221;left&#8221; background_image_as_pattern=&#8221;without_pattern&#8221; z_index=&#8221;&#8221; padding_top=&#8221;100&#8243; padding_bottom=&#8221;30&#8243;][vc_column width=&#8221;2\/3&#8243;][vc_column_text css=&#8221;.vc_custom_1756735316929{border-top-width: 2px !important;border-right-width: 2px !important;border-bottom-width: 2px !important;border-left-width: 2px !important;padding-top: 20px !important;padding-right: 20px !important;padding-bottom: 20px !important;padding-left: 20px !important;background-image: url(https:\/\/cinemaqueer.se\/cq25\/wp-content\/uploads\/2025\/08\/bakgrund-2000&#215;800-px.jpg?id=12) !important;border-left-style: ridge !important;border-right-style: ridge !important;border-top-style: ridge !important;border-bottom-style: ridge !important;border-color: #2A4914 !important;}&#8221;]<\/p>\n<h1><span style=\"font-weight: 400;\">Hur allt startade &#8211; ett samtal med festivalens scoutledare <\/span><\/h1>\n<p><strong>I \u00e5r firar vi den 15:e festivalen, det har varit \u00e5r fyllda av spektakel, snusk och kaos. M\u00f6t de som startade det hela i en intervju av Paloma Hal\u00e9n Rom\u00e1n. <\/strong><\/p>\n<p><strong>Hur och varf\u00f6r startade Cinema Queer?<\/strong><br \/>\nO: Melissa hade en queer filmklubb p\u00e5 H\u00f6gkvarteret (d\u00e5tidens queerbar) och samtidigt som de tvingades st\u00e4nga s\u00e5 l\u00e4rde vi k\u00e4nna varandra k\u00f6ket p\u00e5 v\u00e5rt gemensamma kontor<br \/>\nM: Ja d\u00e5 var lite talk of the town att det inte fanns n\u00e5n queerfilmfestival sen Tiina Rosenberg visade VHSer i sitt vardagsrum<br \/>\nO: Tiina slutade och n\u00e5n beh\u00f6vde g\u00f6ra det. S\u00e5 d\u00e5 startade vi festivalen.<br \/>\nM: Ja vi tog v\u00e4l stafettpinnen helt enkelt<\/p>\n<p><strong>\u00c5rets festival \u00e4r den 15e. Vad fan har ni h\u00e5llt p\u00e5 med alla dessa \u00e5r?<br \/>\n<\/strong>O: Det undrar vi ocks\u00e5. Vi b\u00f6rjade ju som en klassisk filmfestival, tre dagar som blev fyra dagar. Vi k\u00f6rde liksom ett klassiskt filmfestivalsformat, d\u00e4r vi visade alla filmer p\u00e5 biografer.<br \/>\nM: Det var ju det vi kunde, f\u00f6r vi b\u00e5da jobbade med andra filmfestivaler s\u00e5 vi copy pasteade det konceptet.<br \/>\nO: Men vi tr\u00f6ttnade, det var tr\u00e5kigt att g\u00f6ra samma sak \u00e5r efter \u00e5r, s\u00e5 vi ville utveckla det p\u00e5 n\u00e5t s\u00e4tt. Vi s\u00f6kte pengar och fick ett bidrag f\u00f6r att g\u00f6ra en stor turn\u00e9 med en buss runt om i Sverige inf\u00f6r valet 2014<br \/>\nM: Och n\u00e4r vi gjorde turn\u00e9n s\u00e5 k\u00f6pte vi in massa teknik och l\u00e4rde oss att hantera den f\u00f6r att kunna visa film torg och andra offentliga platser<br \/>\nO: Och vi v\u00e4l fattade att det inte var s\u00e5 j\u00e4vla farligt eller sv\u00e5rt som m\u00e5nga i branschen vill f\u00e5 det att verka.<br \/>\nM: Jag visste inte ens hur man kopplar ihop ett ljudsystem innan dess<br \/>\nO: Och d\u00e5 b\u00f6rjade vi testa att flytta ut filmvisningarna fr\u00e5n biografer s\u00e5 n\u00e4r vi kom tillbaka till Stockholm s\u00e5 b\u00f6rjade vi experimentera \u00e4nnu mer.<br \/>\nM: Det \u00e5ret, 2014, hade vi invigningen i H\u00f6galidskyrkan, s\u00e5 det var nog the breaking point, n\u00e4r vi beslutade oss f\u00f6r att skita i biografer<br \/>\nO: Samma \u00e5r hade vi en visning p\u00e5 Storkyrkobadet. Det var lite av ett eldprov f\u00f6r n\u00e5nting gick fel, jag minns inte ens vad, men vi hade 45 minuter att rigga, och vi hade gl\u00f6mt en f\u00f6rl\u00e4ngningssladd och det var totalt j\u00e4vla kaos<br \/>\nM: Men vi klarade det<br \/>\nO: Och det var en legendarisk visning. Och efter det f\u00f6rbj\u00f6d storkyrkobadet levande ljus.<br \/>\nM: Jag tror det redan var f\u00f6rbjudet. Vi bara sket i det.<br \/>\nO: Vi ber inte om lov, vi ber bara om urs\u00e4kt! Vilket vi ju i och f\u00f6r sig inte heller g\u00f6r.<\/p>\n<p>M: Men de f\u00f6rsta tre \u00e5ren var inte heller helt okaosiga. Ett \u00e5r hade Miss Barbecue som enda g\u00e4st och hon f\u00f6rsvann i ett Darkroom p\u00e5 Kolingsborg.<br \/>\nO: Hon d\u00f6k upp f\u00f6rst tv\u00e5 dagar senare. Kommer du ih\u00e5g att n\u00e5n sa att de hade sett henne p\u00e5 Side Track? S\u00e5 vi fick g\u00e5 dit och leta!<br \/>\nM: Vi hade ocks\u00e5 s\u00e5 himla lite pengar s\u00e5 vi hade inte r\u00e5d att skicka tillbaka henne om hon missade sitt plan.<br \/>\nO: S\u00e5 vi bankade p\u00e5 hennes d\u00f6rr och till slut ramlade hon ut med n\u00e5t av sina ragg, s\u00e5 hon precis hann med taxin till flyget.<\/p>\n<p>M: Sen var det grejen med Shu Lea Cheang! Vi hade med en film som den gjort, som \u00e4r n\u00e5n slags sci-porrhistoria och den skulle ocks\u00e5 g\u00f6ra ett performance. Problemet var bara att vi hade ingen aning om vad det performancet skulle vara. Det f\u00f6rsta den sa n\u00e4r den d\u00f6k upp var att vi skulle fylla massvis av kondomer med kondenserad mj\u00f6lk<br \/>\nO: Nej! Den hade inga kondomer eller mj\u00f6lk med sig s\u00e5 en volont\u00e4r fick g\u00e5 och k\u00f6pa det och fylla massvis med kondomer med kondenserad mj\u00f6lk.<br \/>\nM: Det skulle vara till dens interaktiva performance\u2026 Som bara en enda person ville vara med p\u00e5. Stelt.<\/p>\n<p>O: Sen var det g\u00e5ngen n\u00e4r vi skulle ha fest i en sauna p\u00e5 s\u00f6der. P\u00e5 m\u00e5ndagen ringde pl\u00f6tsligt brandk\u00e5ren och fr\u00e5gade om vi skulle ha fest d\u00e4r p\u00e5 fredag, vilket ju var tanken. Men det gick inte f\u00f6r tydligen hade de blivit nedst\u00e4ngda eftersom det forsade vatten \u00f6ver \u00f6ppna elkontakter.<br \/>\nM: S\u00e5 d\u00e5 gick vi runt och snackade med folk, klockan 22.30. Till slut fick vi kontakt med en kille som hette Gargamel. Och han fixade fram en lokal, som var en gammal skola.<br \/>\nO: S\u00e5 d\u00e4r fick vi bygga en bar.<br \/>\nM: Och sopa undan massvis med byggdamm.<\/p>\n<p>O: Sen var det g\u00e5ngen n\u00e4r vi hade fest och jag och Johanna (ordf Cinema Queer) vid 03.30 fick f\u00f6r oss att vi skulle DJa. Det kan ha varit s\u00e5 att h\u00f6gtalarna sprack. Men beroende p\u00e5 vem man fr\u00e5gar s\u00e5 var det fullt p\u00e5 dansgolvet n\u00e4r vi spelade!<br \/>\nM: Det var fem personer d\u00e4r<br \/>\nO: Vi kan ha satt p\u00e5 r\u00f6kmaskinen p\u00e5 max s\u00e5 det k\u00e4ndes som att det var helt fullt<\/p>\n<p>O: Sen var det g\u00e5ngen n\u00e4r vi hade k\u00f6pt j\u00e4ttem\u00e5nga plastflaskor med Madonnor p\u00e5 n\u00e4r vi var i Mexiko. Det var vigvatten i dem, men jag t\u00f6mde dem och fyllde sedan en hel resv\u00e4ska bara med dem och tog med dem hem f\u00f6r vi t\u00e4nkte att det skulle vara en rolig grej att servera sprit ur p\u00e5 en av v\u00e5ra fester.<br \/>\nM: Men efter ett tag b\u00f6rjade folk komma tillbaka och s\u00e4ga att de smakade konstigt<br \/>\nO: F\u00f6rsta g\u00e5ngerna t\u00e4nkte vi bara att \u00e4h det \u00e4r v\u00e4l inget. Men sen vid kanske tionde personen k\u00e4nde vi att vi \u00e4nd\u00e5 skulle smaka p\u00e5 det sj\u00e4lva. Det visade sig att alkoholen hade b\u00f6rjat l\u00f6sa upp plasten i flaskorna.<br \/>\nM: S\u00e5 d\u00e5 slutade vi s\u00e4lja de drinkarna<br \/>\nO: Och d\u00e5 tog spriten slut. Vi har k\u00f6pt typ en tiondel s\u00e5 mycket som vi borde ha gjort, s\u00e5 vi tog v\u00e5r maskinist och \u00e5kte till bio Tellus och t\u00f6mde deras spritf\u00f6rr\u00e5d p\u00e5 all sprit de hade och k\u00f6rde det i en taxi tillbaka.<\/p>\n<p><strong>Vad har \u00e4ndrats sen CQ b\u00f6rjade? Vad har ni l\u00e4rt er?<\/strong><br \/>\nM: Ingenting. Allts\u00e5 det idiotiska \u00e4r att vi inte l\u00e4rt oss n\u00e5nting. Varje \u00e5r f\u00f6rs\u00f6ker vi hitta nya spexiga lokaler och s\u00e5 t\u00e4nker vi \u201c\u00e5h men i \u00e5r, i \u00e5r har vi ordentlig framf\u00f6rh\u00e5llning\u201d och sen \u00e4r det alltid n\u00e5t som skiter sig.<br \/>\nO: Jag har fan inte l\u00e4rt mig n\u00e5nting. Eller jo, jag har l\u00e4rt mig att ha mycket mer distans, att inte alla k\u00e4nslorna ligger utanp\u00e5. Okej, panik kan uppst\u00e5 men vi vet att vi kan l\u00f6sa 9\/10 ov\u00e4ntade saker som kan uppkomma. Under 15 festivaler har vi aldrig st\u00e4llt in en enda visning. Det kanske inte har kommit s\u00e5 m\u00e5nga p\u00e5 alla visningar d\u00e4remot\u2026<br \/>\nM: Ibland \u00e4r det fem tappra bes\u00f6kare. Men ja, vi har ett stort sj\u00e4lvf\u00f6rtroende i att vi kan fixa allt. Och det borde ju g\u00f6ra en lugn men jag har absolut lika mycket \u00e5ngest som jag hade i b\u00f6rjan.<br \/>\nO: Mardr\u00f6mmarna b\u00f6rjar ju kommer ju n\u00e5n g\u00e5ng i maj. Man dr\u00f6mmer att alla lokaler brinner ner och att ingen kommer p\u00e5 n\u00e5gra visningar. S\u00e5 d\u00e5 messar vi varandra mitt i natten att nu kom de, nu kom \u00e5rets f\u00f6rsta festivalmardr\u00f6m. Men vi har ocks\u00e5 blivit ett mycket st\u00f6rre team med \u00e5ren. Det har varit oerh\u00f6rt kul att bredda och inte bara vara vi tv\u00e5. P\u00e5 ett s\u00e4tt kan jag ocks\u00e5 vara f\u00f6rv\u00e5nad att andra g\u00e5r in i v\u00e5r psykos som \u00e4r denna filmfestival.<br \/>\nM: B\u00e5de jag och Oscar har n\u00e5n typ av sj\u00e4lvdestruktiv \u00e5dra i att vi gillar att jobba dygnet runt och att g\u00f6ra festivalen mycket sv\u00e5rare \u00e4n den m\u00e5ste vara. Men det \u00e4r faktiskt helt of\u00f6rst\u00e5eligt varf\u00f6r andra v\u00e4ljer att g\u00f6ra det med oss.<\/p>\n<p><strong>Vad vill ni om 15 \u00e5r? Vem tar \u00f6ver stafettpinnen?<\/strong><br \/>\nO: Vi kommer b\u00e5da d\u00f6 med stafettpinnen h\u00e5rt h\u00e5llen i handen<br \/>\nM: S\u00e5 \u00e4r det nog, men vi \u00e4r ocks\u00e5 f\u00f6rv\u00e5nade \u00f6ver att vi fortfarande \u00e4r relevanta f\u00f6r v\u00e5r publik, som generellt \u00e4r ganska ung<br \/>\nO: Vi skulle egentligen bara g\u00f6ra tio festivaler men sen \u00e4ndrade vi till tolv f\u00f6r att vi ville g\u00f6ra en kalender med bilder p\u00e5 oss sj\u00e4lva\u2026 Vi kanske ska g\u00f6ra den snart?<br \/>\nM: Kanske<br \/>\nO: Men ja, vi har ju uppenbarligen inte tr\u00f6ttnat \u00e4n<br \/>\nM: N\u00e5n j\u00e4vla g\u00e5ng m\u00e5ste vi ju sluta. Jag tror att vi slutar n\u00e4r det inte \u00e4r kul l\u00e4ngre. S\u00e5 l\u00e4nge det \u00e4r kul kan man h\u00e5lla p\u00e5 hur l\u00e4nge som helst.<br \/>\nO: Vi \u00e4r ocks\u00e5 lite av en package deal, och vi skulle inte g\u00f6ra det utan varandra. Men n\u00e4r vi v\u00e4l v\u00e4ljer att l\u00e4gga ner, s\u00e5 hoppas vi att n\u00e5gon vill ta \u00f6ver. Helst innan rollatorn kickar in.<\/p>\n<p><strong>H\u00f6rrni nu blev det mycket text men inte s\u00e5 mycket substans, det \u00e4r mest dumma anekdoter. Vill ni l\u00e4gga till n\u00e5t?<br \/>\n<\/strong>O: De senaste 14 festivalerna har varit fulla av dumma anekdoter nu \u00f6ppnar vi inf\u00f6r en femtonde festival och \u00e4nnu fler dumma anekdoter.<br \/>\nM: V\u00e4rlden \u00e4r s\u00e5 j\u00e4vla pissig nu. N\u00e4r vi startade festivalen tyckte vi v\u00e4rlden var j\u00e4vligt pissig men det \u00e4r fan ljus\u00e5r fr\u00e5n hur d\u00e5ligt det \u00e4r nu. Om vi kan skapa en vecka d\u00e4r vi kan skapa nya dumma anekdoter och bara f\u00e5r skratta och f\u00e5 vara, d\u00e5 \u00e4r det \u00e4nd\u00e5 v\u00e4rdefullt.[\/vc_column_text][\/vc_column][vc_column width=&#8221;1\/3&#8243;][\/vc_column][\/vc_row]<\/p>\n<\/div>","protected":false},"excerpt":{"rendered":"<p>[vc_row css_animation=&#8221;&#8221; row_type=&#8221;row&#8221; use_row_as_full_screen_section=&#8221;no&#8221; type=&#8221;full_width&#8221; angled_section=&#8221;no&#8221; text_align=&#8221;left&#8221; background_image_as_pattern=&#8221;without_pattern&#8221;][vc_column width=&#8221;1\/4&#8243;][vc_single_image image=&#8221;1917&#8243; img_size=&#8221;medium&#8221; css=&#8221;&#8221; qode_css_animation=&#8221;&#8221;][\/vc_column][vc_column width=&#8221;1\/4&#8243;][vc_single_image image=&#8221;1844&#8243; img_size=&#8221;medium&#8221; css=&#8221;&#8221; qode_css_animation=&#8221;&#8221;][\/vc_column][vc_column width=&#8221;1\/4&#8243;][vc_single_image image=&#8221;1914&#8243; img_size=&#8221;medium&#8221; css=&#8221;&#8221; qode_css_animation=&#8221;&#8221;][\/vc_column][vc_column width=&#8221;1\/4&#8243;][\/vc_column][\/vc_row][vc_row css_animation=&#8221;&#8221; row_type=&#8221;row&#8221; use_row_as_full_screen_section=&#8221;no&#8221; type=&#8221;full_width&#8221; angled_section=&#8221;no&#8221; text_align=&#8221;left&#8221; background_image_as_pattern=&#8221;without_pattern&#8221; z_index=&#8221;&#8221; padding_top=&#8221;100&#8243; padding_bottom=&#8221;30&#8243;][vc_column width=&#8221;2\/3&#8243;][vc_column_text css=&#8221;.vc_custom_1756735316929{border-top-width: 2px !important;border-right-width: 2px !important;border-bottom-width: 2px !important;border-left-width: 2px !important;padding-top: 20px&#8230;<\/p>\n","protected":false},"author":2,"featured_media":0,"parent":0,"menu_order":0,"comment_status":"closed","ping_status":"closed","template":"","meta":{"footnotes":""},"class_list":["post-2377","page","type-page","status-publish","hentry"],"_links":{"self":[{"href":"https:\/\/cinemaqueer.se\/cq25\/wp-json\/wp\/v2\/pages\/2377","targetHints":{"allow":["GET"]}}],"collection":[{"href":"https:\/\/cinemaqueer.se\/cq25\/wp-json\/wp\/v2\/pages"}],"about":[{"href":"https:\/\/cinemaqueer.se\/cq25\/wp-json\/wp\/v2\/types\/page"}],"author":[{"embeddable":true,"href":"https:\/\/cinemaqueer.se\/cq25\/wp-json\/wp\/v2\/users\/2"}],"replies":[{"embeddable":true,"href":"https:\/\/cinemaqueer.se\/cq25\/wp-json\/wp\/v2\/comments?post=2377"}],"version-history":[{"count":8,"href":"https:\/\/cinemaqueer.se\/cq25\/wp-json\/wp\/v2\/pages\/2377\/revisions"}],"predecessor-version":[{"id":2383,"href":"https:\/\/cinemaqueer.se\/cq25\/wp-json\/wp\/v2\/pages\/2377\/revisions\/2383"}],"wp:attachment":[{"href":"https:\/\/cinemaqueer.se\/cq25\/wp-json\/wp\/v2\/media?parent=2377"}],"curies":[{"name":"wp","href":"https:\/\/api.w.org\/{rel}","templated":true}]}}